{"id":8795,"date":"2024-03-21T12:34:26","date_gmt":"2024-03-21T11:34:26","guid":{"rendered":"https:\/\/www.camping-cote-dargent.com\/alentours\/vertheuil\/"},"modified":"2026-01-13T15:59:36","modified_gmt":"2026-01-13T14:59:36","slug":"vertheuil","status":"publish","type":"alentours","link":"https:\/\/www.camping-cote-dargent.com\/es\/alentours\/vertheuil\/","title":{"rendered":"Vertheuil"},"content":{"rendered":"\n<div class=\"is-layout-flow wp-block-group alignfull diaporama-header\">\n<figure class=\"is-layout-flex wp-block-gallery-1 wp-block-gallery has-nested-images columns-default is-cropped fc-auto\">\n<figure class=\"wp-block-image size-full fc-auto\"><img decoding=\"async\" width=\"1920\" height=\"768\" src=\"https:\/\/www.camping-cote-dargent.com\/wp-content\/uploads\/2024\/03\/image-4-1.jpg\" alt=\"\" class=\"wp-image-3902\" srcset=\"https:\/\/www.camping-cote-dargent.com\/wp-content\/uploads\/2024\/03\/image-4-1.jpg 1920w, https:\/\/www.camping-cote-dargent.com\/wp-content\/uploads\/2024\/03\/image-4-1-300x120.jpg 300w, https:\/\/www.camping-cote-dargent.com\/wp-content\/uploads\/2024\/03\/image-4-1-1024x410.jpg 1024w, https:\/\/www.camping-cote-dargent.com\/wp-content\/uploads\/2024\/03\/image-4-1-768x307.jpg 768w, https:\/\/www.camping-cote-dargent.com\/wp-content\/uploads\/2024\/03\/image-4-1-1536x614.jpg 1536w\" sizes=\"(max-width: 1920px) 100vw, 1920px\" title=\"\"><\/figure>\n<\/figure>\n\n\n\n<div class=\"is-layout-constrained wp-block-group\">\n<div class=\"is-content-justification-center is-layout-flex wp-container-3 wp-block-buttons\">\n<div class=\"wp-block-button btn_resa\"><a class=\"wp-block-button__link has-bleufonce-color has-bleuclair-background-color has-text-color has-background wp-element-button\">Reserva tu estancia<\/a><\/div>\n<\/div>\n<\/div>\n<\/div>\n\n<div class=\"is-layout-flex wp-container-11 wp-block-columns C-10 vague-jaune\">\n<div class=\"is-layout-flow wp-block-column col-texte\">\n<p><a href=\"https:\/\/www.camping-cote-dargent.com\/es\/alrededores\/\" data-type=\"page\" data-id=\"128\"><span class=\"fc-icon arrow-left-light\"><\/span>  Volver a los alrededores<\/a><\/p>\n\n\n\n<h2 class=\"h1 has-orange-color has-text-color\">Camping cerca de Vertheuil: <span class=\"fc-span\">la elecci\u00f3n perfecta para unas vacaciones en el coraz\u00f3n de la Gironda<\/span><\/h2>\n\n\n\n<p><strong>Vertheuil<\/strong> es uno de los <strong>pueblos m\u00e1s bellos del M\u00e9doc<\/strong>, una parte de la <a href=\"https:\/\/www.camping-cote-dargent.com\/es\/alrededores\/\" data-type=\"page\" data-id=\"128\">Gironda<\/a> conocida por sus prestigiosos vi\u00f1edos. Vertheuil y sus alrededores son un destino de vacaciones ideal. Disfruta de la proximidad del oc\u00e9ano, las marismas, el<strong>estuario<\/strong> de la Gironda y los vi\u00f1edos hasta donde alcanza la vista.  <\/p>\n\n\n\n<h2 class=\"h3 has-bleu-color has-text-color\">Vertheuil, un pueblo excepcional del M\u00e9doc<\/h2>\n\n\n\n<p>Durante tus <strong>vacaciones en el M\u00e9doc<\/strong>, visita el <strong>encantador pueblo de Vertheuil<\/strong>, a 30 kil\u00f3metros del camping La C\u00f4te d&#8217;Argent. Este municipio del M\u00e9doc posee un rico patrimonio arquitect\u00f3nico y natural. <\/p>\n\n\n\n<div class=\"wp-block-fc-gut-lire-plus fc-desk\">\n<p>Leer m\u00e1s<\/p>\n\n\n\n<div class=\"is-layout-flow wp-block-group\">\n<p>Descubre los restos del castillo del siglo XI y su torre del homenaje, la m\u00e1s antigua de la regi\u00f3n. Admira tambi\u00e9n la soberbia e imponente abad\u00eda del siglo XII, construida sobre un yacimiento galo-romano. Este edificio religioso de bella arquitectura est\u00e1 abierto al p\u00fablico en julio y agosto de 13:00 a 19:00, la entrada es gratuita. Dentro de la abad\u00eda, no te pierdas el <strong>&#8220;Peque\u00f1o Museo de Aut\u00f3matas<\/strong> &#8220;. Admira estas figuras modeladas y pintadas a mano que representan escenas de la vida cotidiana.    <\/p>\n\n\n\n<p><strong>Vertheuil<\/strong> es ideal para el enoturismo, gracias a su situaci\u00f3n privilegiada en el coraz\u00f3n de los vi\u00f1edos. Descubre <strong>las fincas vin\u00edcolas<\/strong> de <strong>Haut-M\u00e9doc AOC<\/strong> de Vertheuil, como <strong>Ch\u00e2teau Haut-Gouat<\/strong>, <strong>Ch\u00e2teau Ferr\u00e9<\/strong> y <strong>Ch\u00e2teau Le Bourdieu<\/strong>. La zona de Vertheuil tambi\u00e9n ofrece tres rutas de senderismo que recorren los vi\u00f1edos, las marismas y diversos lugares tur\u00edsticos.  <\/p>\n<\/div>\n<\/div>\n<\/div>\n\n\n\n<div class=\"is-layout-flow wp-block-column col-images\">\n<figure class=\"is-layout-flex wp-block-gallery-8 wp-block-gallery has-nested-images columns-1 is-cropped fc-full\">\n<figure class=\"wp-block-image size-full fc-auto\"><img decoding=\"async\" width=\"900\" height=\"600\" src=\"https:\/\/www.camping-cote-dargent.com\/wp-content\/uploads\/2024\/03\/ado_abbaye-vertheuil.jpg\" alt=\"\" class=\"wp-image-3548\" srcset=\"https:\/\/www.camping-cote-dargent.com\/wp-content\/uploads\/2024\/03\/ado_abbaye-vertheuil.jpg 900w, https:\/\/www.camping-cote-dargent.com\/wp-content\/uploads\/2024\/03\/ado_abbaye-vertheuil-300x200.jpg 300w, https:\/\/www.camping-cote-dargent.com\/wp-content\/uploads\/2024\/03\/ado_abbaye-vertheuil-768x512.jpg 768w\" sizes=\"(max-width: 900px) 100vw, 900px\" title=\"\"><\/figure>\n\n\n\n<figure class=\"wp-block-image size-full fc-auto\"><img decoding=\"async\" width=\"1024\" height=\"682\" src=\"https:\/\/www.camping-cote-dargent.com\/wp-content\/uploads\/2024\/03\/20092017-bchq8826-1024x682-2.jpg\" alt=\"\" class=\"wp-image-4563\" srcset=\"https:\/\/www.camping-cote-dargent.com\/wp-content\/uploads\/2024\/03\/20092017-bchq8826-1024x682-2.jpg 1024w, https:\/\/www.camping-cote-dargent.com\/wp-content\/uploads\/2024\/03\/20092017-bchq8826-1024x682-2-300x200.jpg 300w, https:\/\/www.camping-cote-dargent.com\/wp-content\/uploads\/2024\/03\/20092017-bchq8826-1024x682-2-768x512.jpg 768w\" sizes=\"(max-width: 1024px) 100vw, 1024px\" title=\"\"><\/figure>\n<\/figure>\n<\/div>\n<\/div>\n\n<div class=\"is-layout-flex wp-container-14 wp-block-columns\">\n<div class=\"is-layout-flow wp-block-column\">\n<h2>Diversas actividades en los alrededores de Vertheuil<\/h2>\n\n\n\n<p><strong>A<\/strong> menos de 30 km <strong>de Vertheuil<\/strong>, descubre los lugares m\u00e1s bellos del M\u00e9doc. Empieza por el <a href=\"https:\/\/www.camping-cote-dargent.com\/es\/alentours\/parque-natural-regional-del-medoc\/\" data-type=\"alentours\" data-id=\"166\">Parque Natural Regional del M\u00e9doc<\/a>, al que pertenece el pueblo de Vertheuil. Este paraje natural protegido te invita a pasear por sus senderos se\u00f1alizados.  <\/p>\n\n\n\n<p>Unas vacaciones de camping cerca de Vertheuil tambi\u00e9n son una oportunidad para descubrir las <a href=\"https:\/\/www.camping-cote-dargent.com\/es\/alentours\/vinedos-de-medoc\/\" data-type=\"alentours\" data-id=\"170\">prestigiosas denominaciones vin\u00edcolas del M\u00e9doc<\/a>. En <strong>el Ch\u00e2teau Le Crock<\/strong>, ad\u00e9ntrate en el mundo de este excepcional cru bourgeois situado en <a href=\"https:\/\/www.camping-cote-dargent.com\/es\/alentours\/saint-estephe\/\" data-type=\"alentours\" data-id=\"160\">Saint-Est\u00e8phe<\/a>, un nombre bien conocido por los amantes de los buenos vinos. A partir de junio, esta finca vin\u00edcola te abrir\u00e1 sus puertas para una visita y una degustaci\u00f3n.  <\/p>\n\n\n\n<p>Y no te pierdas una excursi\u00f3n a <strong>Saint-Vivien de M\u00e9doc<\/strong>, un pueblo t\u00edpico con un puerto encantador. Luego visita <a href=\"https:\/\/www.camping-cote-dargent.com\/es\/alentours\/pauillac\/\" data-type=\"alentours\" data-id=\"158\">Pauillac<\/a>, la capital vin\u00edcola del M\u00e9doc con sus 18 Grands Crus class\u00e9s. Admira la vista desde el muelle sobre el<strong>estuario de la Gironda<\/strong> y la<strong>isla de Patiras<\/strong>. Un poco m\u00e1s al norte, el <strong>puerto de La Goul\u00e9e<\/strong> tambi\u00e9n ofrece una vista extraordinaria del estuario. Para una excursi\u00f3n en familia, visita <strong>Animalia Parc<\/strong> en <a href=\"https:\/\/www.medoc-atlantique.com\/13-communes-1001-possibilites\/naujac-sur-mer\/\" target=\"_blank\" rel=\"noreferrer noopener\">Naujac-sur-Mer<\/a>. Este parque de animales de tama\u00f1o humano est\u00e1 abierto de marzo a noviembre. En <strong>el coraz\u00f3n del M\u00e9doc<\/strong>, descubre m\u00e1s de 250 especies, algunas de ellas en peligro de extinci\u00f3n. Por \u00faltimo, descubre <strong>Hourtin y su lago<\/strong>, el mayor lago de agua dulce de Francia. Esta extensi\u00f3n de agua ofrece una amplia gama de deportes y actividades acu\u00e1ticas en un bello entorno.        <\/p>\n<\/div>\n\n\n\n<div class=\"is-layout-flow wp-block-column\">\n<h2>Vacaciones en camping cerca de Vertheuil<\/h2>\n\n\n\n<p>Ven a dejar las maletas en el <strong>camping La C\u00f4te d&#8217;Argent, cerca de Vertheuil<\/strong>, a s\u00f3lo 30 km de este pueblo. Disfruta de una estancia inolvidable en este <strong>camping de 5 estrellas<\/strong>, a 300 metros de la playa y cerca <strong>del lago de Hourtin<\/strong>. En un entorno id\u00edlico, en el coraz\u00f3n de un pinar, elige tu alquiler de vacaciones entre una amplia gama de alojamientos confortables (mobil homes\/casitas de diferentes categor\u00edas o parcelas descubiertas en plena naturaleza). Adem\u00e1s, disfruta de un parque acu\u00e1tico excepcional: 9.000 m\u00b2 dedicados por completo a los placeres del agua, con piscinas climatizadas, toboganes, jacuzzi XXL, etc. No hay duda de que pasar\u00e1s una estancia agradable en el <strong>camping cerca de Vertheuil<\/strong>.    <\/p>\n<\/div>\n<\/div>\n","protected":false},"template":"","meta":[],"acf":[],"_links":{"self":[{"href":"https:\/\/www.camping-cote-dargent.com\/es\/wp-json\/wp\/v2\/alentours\/8795"}],"collection":[{"href":"https:\/\/www.camping-cote-dargent.com\/es\/wp-json\/wp\/v2\/alentours"}],"about":[{"href":"https:\/\/www.camping-cote-dargent.com\/es\/wp-json\/wp\/v2\/types\/alentours"}],"wp:attachment":[{"href":"https:\/\/www.camping-cote-dargent.com\/es\/wp-json\/wp\/v2\/media?parent=8795"}],"curies":[{"name":"wp","href":"https:\/\/api.w.org\/{rel}","templated":true}]}}