{"id":5201,"date":"2024-03-21T12:13:04","date_gmt":"2024-03-21T11:13:04","guid":{"rendered":"https:\/\/www.camping-cote-dargent.com\/faq\/"},"modified":"2026-01-13T15:23:19","modified_gmt":"2026-01-13T14:23:19","slug":"faq","status":"publish","type":"page","link":"https:\/\/www.camping-cote-dargent.com\/de\/faq\/","title":{"rendered":"FAQ"},"content":{"rendered":"\n<div class=\"is-layout-flow wp-block-group alignfull diaporama-header\">\n<figure class=\"is-layout-flex wp-block-gallery-1 wp-block-gallery has-nested-images columns-default is-cropped fc-auto\">\n<figure class=\"wp-block-image size-full fc-auto\"><img decoding=\"async\" width=\"1920\" height=\"768\" src=\"https:\/\/www.camping-cote-dargent.com\/wp-content\/uploads\/2024\/03\/image-4-1.jpg\" alt=\"\" class=\"wp-image-3902\" srcset=\"https:\/\/www.camping-cote-dargent.com\/wp-content\/uploads\/2024\/03\/image-4-1.jpg 1920w, https:\/\/www.camping-cote-dargent.com\/wp-content\/uploads\/2024\/03\/image-4-1-300x120.jpg 300w, https:\/\/www.camping-cote-dargent.com\/wp-content\/uploads\/2024\/03\/image-4-1-1024x410.jpg 1024w, https:\/\/www.camping-cote-dargent.com\/wp-content\/uploads\/2024\/03\/image-4-1-768x307.jpg 768w, https:\/\/www.camping-cote-dargent.com\/wp-content\/uploads\/2024\/03\/image-4-1-1536x614.jpg 1536w\" sizes=\"(max-width: 1920px) 100vw, 1920px\" title=\"\"><\/figure>\n<\/figure>\n\n\n\n<div class=\"is-layout-constrained wp-block-group\">\n<div class=\"is-content-justification-center is-layout-flex wp-container-3 wp-block-buttons\">\n<div class=\"wp-block-button btn_resa\"><a class=\"wp-block-button__link has-bleufonce-color has-bleuclair-background-color has-text-color has-background wp-element-button\">Buchen Sie Ihren Aufenthalt<\/a><\/div>\n<\/div>\n<\/div>\n<\/div>\n\n<div class=\"is-layout-constrained wp-block-group\">\n<h1 class=\"has-text-align-center has-orange-color has-text-color\">H\u00e4ufig gestellte Fragen<\/h1>\n\n\n\n<div class=\"wp-block-fc-gut-accordeon fc-desk\">\n<p>Ist Grillen auf dem Campingplatz erlaubt?<\/p>\n\n\n\n<div class=\"is-layout-flow wp-block-group\">\n<p>Grillen mit offenem Feuer (Holz, Kohle) ist auf dem Campingplatz und im gesamten umliegenden Wald strengstens verboten.<\/p>\n<\/div>\n<\/div>\n\n\n\n<div class=\"wp-block-fc-gut-accordeon fc-desk\">\n<p>Ist es m\u00f6glich, den Stellplatz oder das Mobilheim selbst zu w\u00e4hlen?<\/p>\n\n\n\n<div class=\"is-layout-flow wp-block-group\">\n<p>Sie k\u00f6nnen uns bei der Buchung Ihre Pr\u00e4ferenzen mitteilen.<\/p>\n<\/div>\n<\/div>\n\n\n\n<div class=\"wp-block-fc-gut-accordeon fc-desk\">\n<p>Kann man vor Ort Fahrr\u00e4der mieten?<\/p>\n\n\n\n<div class=\"is-layout-flow wp-block-group\">\n<p>Wir vermieten Fahrr\u00e4der (nur f\u00fcr Erwachsene), mit einer Kaution von \u20ac200 pro Fahrrad. Die Mietpreise sind wie folgt: 1\/2 Tag = 10\u20ac \/ 1 Tag = 12\u20ac \/ 1 Woche = 45\u20ac.<\/p>\n<\/div>\n<\/div>\n\n\n\n<div class=\"wp-block-fc-gut-accordeon fc-desk\">\n<p>Wie sind die Ankunfts- und Abflugzeiten?<\/p>\n\n\n\n<div class=\"is-layout-flow wp-block-group\">\n<p>Die Anreise erfolgt zwischen 16.00 und 20.00 Uhr und die Abreise zwischen 8.00 und 10.00 Uhr.<\/p>\n<\/div>\n<\/div>\n\n\n\n<div class=\"wp-block-fc-gut-accordeon fc-desk\">\n<p>Ist Wifi kostenpflichtig?<\/p>\n\n\n\n<div class=\"is-layout-flow wp-block-group\">\n<p>Wir bieten WLAN zu folgenden Tarifen an: 6 Stunden = 10\u20ac \/ 1 Woche = 20\u20ac \/ 2 Wochen = 30\u20ac \/ 1 Woche Familie (3 Ger\u00e4te) = 40\u20ac \/ 2 Wochen Familie (3 Ger\u00e4te) = 50\u20ac.<\/p>\n<\/div>\n<\/div>\n\n\n\n<div class=\"wp-block-fc-gut-accordeon fc-desk\">\n<p>Ist das Tragen des Armbands obligatorisch?<\/p>\n\n\n\n<div class=\"is-layout-flow wp-block-group\">\n<p>Das Tragen eines Armbands ist obligatorisch. Das Armband ist antiallergisch und manipulationssicher.<\/p>\n<\/div>\n<\/div>\n\n\n\n<div class=\"wp-block-fc-gut-accordeon fc-desk\">\n<p>Gibt es Wifi auf dem Campingplatz?<\/p>\n\n\n\n<div class=\"is-layout-flow wp-block-group\">\n<p>Wir bieten WLAN zu folgenden Tarifen an: 6 Stunden = 10\u20ac \/ 1 Woche = 20\u20ac \/ 2 Wochen = 30\u20ac \/ 1 Woche Familie (3 Ger\u00e4te) = 40\u20ac \/ 2 Wochen Familie (3 Ger\u00e4te) = 50\u20ac.<\/p>\n<\/div>\n<\/div>\n\n\n\n<div class=\"wp-block-fc-gut-accordeon fc-desk\">\n<p>Ist der Kinderclub kostenpflichtig?<\/p>\n\n\n\n<div class=\"is-layout-flow wp-block-group\">\n<p>Der Mini-Club ist kostenlos.<\/p>\n<\/div>\n<\/div>\n\n\n\n<div class=\"wp-block-fc-gut-accordeon fc-desk\">\n<p>Kann ich ein Zelt neben dem Mobilheim aufstellen?<\/p>\n\n\n\n<div class=\"is-layout-flow wp-block-group\">\n<p>Zelte sind auf den Parzellen der Mobilheime nicht erlaubt.<\/p>\n<\/div>\n<\/div>\n\n\n\n<div class=\"wp-block-fc-gut-accordeon fc-desk\">\n<p>Kann man au\u00dferhalb der \u00d6ffnungszeiten der Rezeption anreisen?<\/p>\n\n\n\n<div class=\"is-layout-flow wp-block-group\">\n<p>Wenn Sie eine Reservierung haben, k\u00f6nnen Sie auch au\u00dferhalb der Rezeptionszeiten anreisen, aber Sie m\u00fcssen uns per E-Mail <span itemprop=\"email\">info@cca33.com<\/span> oder telefonisch dar\u00fcber informieren.  <a itemprop=\"telephone\" href=\"tel:+33556091025\">05 56 09 10 25<\/a><\/p>\n<\/div>\n<\/div>\n\n\n\n<div class=\"wp-block-fc-gut-accordeon fc-desk\">\n<p>Sind Besucher erlaubt?<\/p>\n\n\n\n<div class=\"is-layout-flow wp-block-group\">\n<p>Wenn Sie Besucher empfangen, m\u00fcssen diese an der Rezeption angemeldet werden. Sie m\u00fcssen ihr Fahrzeug au\u00dferhalb des Campingplatzes abstellen, den Besucherzuschlag zahlen und w\u00e4hrend des Besuchs einen Ausweis hinterlassen (der vor Schlie\u00dfung der Rezeption abgeholt werden muss).<\/p>\n<\/div>\n<\/div>\n\n\n\n<div class=\"wp-block-fc-gut-accordeon fc-desk\">\n<p>Gibt es Gesch\u00e4fte auf dem Campingplatz?<\/p>\n\n\n\n<div class=\"is-layout-flow wp-block-group\">\n<p>Auf dem Campingplatz finden Sie einen Supermarkt und einen Feinkostladen \/ Weinkeller, ein Restaurant mit Gerichten zum Mitnehmen und eine Bar.<\/p>\n<\/div>\n<\/div>\n\n\n\n<div class=\"wp-block-fc-gut-accordeon fc-desk\">\n<p>Ist es m\u00f6glich, einen eigenen Grill mitzubringen?<\/p>\n\n\n\n<div class=\"is-layout-flow wp-block-group\">\n<p>Grillen mit offenem Feuer (Holz, Kohle) ist auf dem Campingplatz und im gesamten umliegenden Wald strengstens verboten.<\/p>\n<\/div>\n<\/div>\n\n\n\n<div class=\"wp-block-fc-gut-accordeon fc-desk\">\n<p>Werden CAF-Gutscheine akzeptiert?<\/p>\n\n\n\n<div class=\"is-layout-flow wp-block-group\">\n<p>Wir akzeptieren keine CAF-Gutscheine.<\/p>\n<\/div>\n<\/div>\n\n\n\n<div class=\"wp-block-fc-gut-accordeon fc-desk\">\n<p>Bieten Sie auf dem Campingplatz Animationen an?<\/p>\n\n\n\n<div class=\"is-layout-flow wp-block-group\">\n<p>Im Juli und August bieten wir jeden Tag von Montag bis Freitag Animation an: Sportaktivit\u00e4ten, Miniclub (f\u00fcr Kinder von 6 bis 11 Jahren) und Abendunterhaltung.<\/p>\n<\/div>\n<\/div>\n\n\n\n<div class=\"wp-block-fc-gut-accordeon fc-desk\">\n<p>Sind Tiere auf dem Campingplatz erlaubt?<\/p>\n\n\n\n<div class=\"is-layout-flow wp-block-group\">\n<p>Haustiere sind auf den Stellpl\u00e4tzen erlaubt (Geb\u00fchr von 3\u20ac bis 7\u20ac pro Tag, abh\u00e4ngig von der Saison). Vorlage des obligatorischen Impfausweises mit aktueller Tollwutimpfung. Hunde der 1\u02b3\u1d49 und 2\u1d49 Kategorie sind strengstens untersagt.<\/p>\n<\/div>\n<\/div>\n\n\n\n<div class=\"wp-block-fc-gut-accordeon fc-desk\">\n<p>Kann man au\u00dferhalb der \u00d6ffnungszeiten der Rezeption abreisen?<\/p>\n\n\n\n<div class=\"is-layout-flow wp-block-group\">\n<p>Sie k\u00f6nnen au\u00dferhalb der Rezeptionszeiten abreisen, aber daf\u00fcr m\u00fcssen Sie die Verwaltungsformalit\u00e4ten am Tag vor Ihrer Abreise erledigen.<\/p>\n<\/div>\n<\/div>\n\n\n\n<div class=\"wp-block-fc-gut-accordeon fc-desk\">\n<p>Bieten Sie Reinigungspakete an?<\/p>\n\n\n\n<div class=\"is-layout-flow wp-block-group\">\n<p>Wir bieten keine Reinigungspauschale an. F\u00fcr jedes Mietobjekt, das nicht in sauberem Zustand zur\u00fcckgegeben wird, wird eine Mindestsumme von 150\u20ac von der Kaution einbehalten.<\/p>\n<\/div>\n<\/div>\n\n\n\n<div class=\"wp-block-fc-gut-accordeon fc-desk\">\n<p>Haben Sie einen Kinderclub?<\/p>\n\n\n\n<div class=\"is-layout-flow wp-block-group\">\n<p>Der Mini-Club ist kostenlos.<\/p>\n<\/div>\n<\/div>\n\n\n\n<div class=\"wp-block-fc-gut-accordeon fc-desk\">\n<p>Ist der Kinderclub kostenpflichtig?<\/p>\n\n\n\n<div class=\"is-layout-flow wp-block-group\">\n<p>Wir haben einen Miniclub, der im Juli und August von Montag bis Freitag f\u00fcr Kinder im Alter von 6 bis 11 Jahren ge\u00f6ffnet ist. Der Mini-Club ist ein Service und kein Kindergarten (es ist daher zwingend erforderlich, dass wir Sie auf dem Campingplatz finden k\u00f6nnen, falls es Probleme gibt).<\/p>\n<\/div>\n<\/div>\n\n\n\n<div class=\"wp-block-fc-gut-accordeon fc-desk\">\n<p>M\u00fcssen wir einen Termin f\u00fcr die Abreise vereinbaren?<\/p>\n\n\n\n<div class=\"is-layout-flow wp-block-group\">\n<p>Der Termin muss sp\u00e4testens am Tag vor der Abreise vereinbart werden. Die Abreise erfolgt zwischen 8.00 und 10.00 Uhr.<\/p>\n<\/div>\n<\/div>\n\n\n\n<div class=\"wp-block-fc-gut-accordeon fc-desk\">\n<p>Gibt es einen Waschsalon auf dem Campingplatz?<\/p>\n\n\n\n<div class=\"is-layout-flow wp-block-group\">\n<p>Wir haben Waschmaschinen (\u20ac5 pro M\u00fcnze) und Trockner (\u20ac3,50 pro M\u00fcnze), die sich im Sanit\u00e4rbereich befinden, Waschmittel ist nicht inbegriffen.<\/p>\n<\/div>\n<\/div>\n\n\n\n<div class=\"wp-block-fc-gut-accordeon fc-desk\">\n<p>Wann muss das Mobilheim zur\u00fcckgegeben werden?<\/p>\n\n\n\n<div class=\"is-layout-flow wp-block-group\">\n<p>Die Mobilheime m\u00fcssen bis 10.00 Uhr ger\u00e4umt werden.<\/p>\n<\/div>\n<\/div>\n\n\n\n<div class=\"wp-block-fc-gut-accordeon fc-desk\">\n<p>Sind Haustiere in der Unterkunft erlaubt?<\/p>\n\n\n\n<div class=\"is-layout-flow wp-block-group\">\n<p>Haustiere sind in den Mietunterk\u00fcnften strengstens verboten.<\/p>\n<\/div>\n<\/div>\n\n\n\n<div class=\"wp-block-fc-gut-accordeon fc-desk\">\n<p>Wie storniere ich eine Buchung?<\/p>\n\n\n\n<div class=\"is-layout-flow wp-block-group\">\n<p>F\u00fcr Stornierungen kontaktieren Sie uns bitte per E-Mail <span itemprop=\"email\">info@cca33.com<\/span> oder telefonisch <a itemprop=\"telephone\" href=\"tel:+33556091025\">05 56 09 10 25<\/a>, um die Modalit\u00e4ten zu kl\u00e4ren.<\/p>\n<\/div>\n<\/div>\n\n\n\n<div class=\"wp-block-fc-gut-accordeon fc-desk\">\n<p>Werden Minderj\u00e4hrige akzeptiert?<\/p>\n\n\n\n<div class=\"is-layout-flow wp-block-group\">\n<p>Wir akzeptieren keine Minderj\u00e4hrigen, die nicht von ihren Eltern begleitet werden.<\/p>\n<\/div>\n<\/div>\n\n\n\n<div class=\"wp-block-fc-gut-accordeon fc-desk\">\n<p>Sind die Animationen inbegriffen?<\/p>\n\n\n\n<div class=\"is-layout-flow wp-block-group\">\n<p>Die Veranstaltungen sind kostenlos und finden im Juli und August statt.<\/p>\n<\/div>\n<\/div>\n\n\n\n<div class=\"wp-block-fc-gut-accordeon fc-desk\">\n<p>Gibt es einen Multisportplatz?<\/p>\n\n\n\n<div class=\"is-layout-flow wp-block-group\">\n<p>Wir haben einen Multisportplatz &#8211; kostenloser Zugang.<\/p>\n<\/div>\n<\/div>\n\n\n\n<div class=\"wp-block-fc-gut-accordeon fc-desk\">\n<p>Wann erhalte ich meine Kaution zur\u00fcck?<\/p>\n\n\n\n<div class=\"is-layout-flow wp-block-group\">\n<p>Die Kaution wird gem\u00e4\u00df dem Inventar bei der Abreise zur\u00fcckerstattet.<\/p>\n<\/div>\n<\/div>\n\n\n\n<div class=\"wp-block-fc-gut-accordeon fc-desk\">\n<p>Gibt es einen Tennisplatz?<\/p>\n\n\n\n<div class=\"is-layout-flow wp-block-group\">\n<p>Wir haben einen Tennisplatz zu vermieten, die Preise sind wie folgt: 50 Minuten = 8 \u20ac \/ Abonnement 10&#215;50 Minuten = 65 \u20ac.<\/p>\n<\/div>\n<\/div>\n\n\n\n<div class=\"wp-block-fc-gut-accordeon fc-desk\">\n<p>Was ist bei einer versp\u00e4teten Ankunft zu tun?<\/p>\n\n\n\n<div class=\"is-layout-flow wp-block-group\">\n<p>Im Falle einer sp\u00e4ten Ankunft oder einer Verhinderung m\u00fcssen Sie die Rezeption im Voraus bis 19.00 Uhr kontaktieren.<\/p>\n<\/div>\n<\/div>\n\n\n\n<div class=\"wp-block-fc-gut-accordeon fc-desk\">\n<p>Was ist die Kurtaxe?<\/p>\n\n\n\n<div class=\"is-layout-flow wp-block-group\">\n<p>Die Kurtaxe: \u20ac 0,61 pro Erwachsener pro Nacht wird von der Gemeinde Hourtin gesammelt und eingezogen.<\/p>\n<\/div>\n<\/div>\n\n\n\n<div class=\"wp-block-fc-gut-accordeon fc-desk\">\n<p>Wie kann ich eine Buchung \u00e4ndern?<\/p>\n\n\n\n<div class=\"is-layout-flow wp-block-group\">\n<p>F\u00fcr \u00c4nderungen kontaktieren Sie uns bitte per E-Mail <span itemprop=\"email\">info@cca33.com<\/span> oder telefonisch <a itemprop=\"telephone\" href=\"tel:+33556091025\">05 56 09 10 25<\/a>, um die Modalit\u00e4ten zu erfahren.<\/p>\n<\/div>\n<\/div>\n\n\n\n<div class=\"wp-block-fc-gut-accordeon fc-desk\">\n<p>Muss bei der Einrichtung eine Kaution hinterlegt werden?<\/p>\n\n\n\n<div class=\"is-layout-flow wp-block-group\">\n<p>Am Tag Ihrer Ankunft werden Sie um 3 Kautionen gebeten: \u20ac20 f\u00fcr die Karte der automatischen Schranke \/ \u20ac150 f\u00fcr die Reinigungsgarantie am Ende des Aufenthalts \/ \u20ac150 f\u00fcr das Material.<\/p>\n<\/div>\n<\/div>\n\n\n\n<div class=\"wp-block-fc-gut-accordeon fc-desk\">\n<p>Wenn mein Mobilheim am Anreisetag vor 16.00 Uhr verf\u00fcgbar ist, ist es dann m\u00f6glich, fr\u00fcher anzureisen?<\/p>\n\n\n\n<div class=\"is-layout-flow wp-block-group\">\n<p>Sie k\u00f6nnen vor 16.00 Uhr anreisen, um die Verwaltungsformalit\u00e4ten zu erledigen. Sie k\u00f6nnen das Mobilheim jedoch nicht vor 16.00 Uhr betreten.<\/p>\n<\/div>\n<\/div>\n\n\n\n<div class=\"wp-block-fc-gut-accordeon fc-desk\">\n<p>Darf ich G\u00e4ste in meinem Mobilheim haben? Wenn ja, wie hoch sind die zus\u00e4tzlichen Kosten?<\/p>\n\n\n\n<div class=\"is-layout-flow wp-block-group\">\n<p>Sie k\u00f6nnen Tages- oder Mehrtagesbesucher empfangen, je nachdem, wie viele Personen sich bereits im Mobilheim befinden. F\u00fcr weitere Informationen \u00fcber die Besucher k\u00f6nnen Sie uns unter <a itemprop=\"telephone\" href=\"tel:+33556091025\">05 56 09 10 25<\/a> kontaktieren.<\/p>\n<\/div>\n<\/div>\n\n\n\n<div class=\"wp-block-fc-gut-accordeon fc-desk\">\n<p>Bis zu welcher Uhrzeit kann ich mit meinem Auto auf den Campingplatz fahren?<\/p>\n\n\n\n<div class=\"is-layout-flow wp-block-group\">\n<p>Die Schranke und das Tor sind von 6.00 bis 22.30 Uhr ge\u00f6ffnet. Nach 22.30 Uhr m\u00fcssen Sie Ihr Fahrzeug au\u00dferhalb des Geb\u00e4udes parken und zu Fu\u00df hineingehen.<\/p>\n<\/div>\n<\/div>\n<\/div>\n","protected":false},"excerpt":{"rendered":"<p>H\u00e4ufig gestellte Fragen<\/p>\n","protected":false},"author":1,"featured_media":0,"parent":0,"menu_order":0,"comment_status":"closed","ping_status":"closed","template":"","meta":[],"acf":[],"_links":{"self":[{"href":"https:\/\/www.camping-cote-dargent.com\/de\/wp-json\/wp\/v2\/pages\/5201"}],"collection":[{"href":"https:\/\/www.camping-cote-dargent.com\/de\/wp-json\/wp\/v2\/pages"}],"about":[{"href":"https:\/\/www.camping-cote-dargent.com\/de\/wp-json\/wp\/v2\/types\/page"}],"author":[{"embeddable":true,"href":"https:\/\/www.camping-cote-dargent.com\/de\/wp-json\/wp\/v2\/users\/1"}],"replies":[{"embeddable":true,"href":"https:\/\/www.camping-cote-dargent.com\/de\/wp-json\/wp\/v2\/comments?post=5201"}],"version-history":[{"count":4,"href":"https:\/\/www.camping-cote-dargent.com\/de\/wp-json\/wp\/v2\/pages\/5201\/revisions"}],"predecessor-version":[{"id":8753,"href":"https:\/\/www.camping-cote-dargent.com\/de\/wp-json\/wp\/v2\/pages\/5201\/revisions\/8753"}],"wp:attachment":[{"href":"https:\/\/www.camping-cote-dargent.com\/de\/wp-json\/wp\/v2\/media?parent=5201"}],"curies":[{"name":"wp","href":"https:\/\/api.w.org\/{rel}","templated":true}]}}