{"id":5166,"date":"2024-03-21T12:13:04","date_gmt":"2024-03-21T11:13:04","guid":{"rendered":"https:\/\/www.camping-cote-dargent.com\/umgebung\/"},"modified":"2026-01-13T15:00:50","modified_gmt":"2026-01-13T14:00:50","slug":"5-sterne-campingplatz-in-der-gironde","status":"publish","type":"page","link":"https:\/\/www.camping-cote-dargent.com\/de\/5-sterne-campingplatz-in-der-gironde\/","title":{"rendered":"Umgebung"},"content":{"rendered":"\n<div class=\"is-layout-flow wp-block-group alignfull diaporama-header\">\n<figure class=\"is-layout-flex wp-block-gallery-1 wp-block-gallery has-nested-images columns-default is-cropped fc-auto\">\n<figure class=\"wp-block-image size-full fc-auto\"><img decoding=\"async\" width=\"2000\" height=\"677\" src=\"https:\/\/www.camping-cote-dargent.com\/wp-content\/uploads\/2024\/03\/chemin-sable-plage-2000x677-1.jpg\" alt=\"\" class=\"wp-image-3689\" srcset=\"https:\/\/www.camping-cote-dargent.com\/wp-content\/uploads\/2024\/03\/chemin-sable-plage-2000x677-1.jpg 2000w, https:\/\/www.camping-cote-dargent.com\/wp-content\/uploads\/2024\/03\/chemin-sable-plage-2000x677-1-300x102.jpg 300w, https:\/\/www.camping-cote-dargent.com\/wp-content\/uploads\/2024\/03\/chemin-sable-plage-2000x677-1-1024x347.jpg 1024w, https:\/\/www.camping-cote-dargent.com\/wp-content\/uploads\/2024\/03\/chemin-sable-plage-2000x677-1-768x260.jpg 768w, https:\/\/www.camping-cote-dargent.com\/wp-content\/uploads\/2024\/03\/chemin-sable-plage-2000x677-1-1536x520.jpg 1536w\" sizes=\"(max-width: 2000px) 100vw, 2000px\" title=\"\"><\/figure>\n<\/figure>\n\n\n\n<div class=\"is-layout-constrained wp-block-group\">\n<div class=\"is-content-justification-center is-layout-flex wp-container-3 wp-block-buttons has-custom-font-size has-medium-font-size\">\n<div class=\"wp-block-button has-custom-font-size btn_resa has-medium-font-size\"><a class=\"wp-block-button__link has-bleufonce-color has-bleuclair-background-color has-text-color has-background wp-element-button\">Buchen Sie Ihren Aufenthalt<\/a><\/div>\n<\/div>\n<\/div>\n<\/div>\n\n<div class=\"is-layout-flex wp-container-10 wp-block-columns C-20 vague-bleu reverse-mob\">\n<div class=\"is-layout-flow wp-block-column col-images\">\n<figure class=\"is-layout-flex wp-block-gallery-6 wp-block-gallery has-nested-images columns-2 is-cropped fc-diapo-mob fc-auto\">\n<figure class=\"wp-block-image size-full fc-caps fc-auto\"><img decoding=\"async\" width=\"1024\" height=\"576\" src=\"https:\/\/www.camping-cote-dargent.com\/wp-content\/uploads\/2024\/03\/lac-hourtin-1024x576-1.jpg\" alt=\"\" class=\"wp-image-3096\" srcset=\"https:\/\/www.camping-cote-dargent.com\/wp-content\/uploads\/2024\/03\/lac-hourtin-1024x576-1.jpg 1024w, https:\/\/www.camping-cote-dargent.com\/wp-content\/uploads\/2024\/03\/lac-hourtin-1024x576-1-300x169.jpg 300w, https:\/\/www.camping-cote-dargent.com\/wp-content\/uploads\/2024\/03\/lac-hourtin-1024x576-1-768x432.jpg 768w\" sizes=\"(max-width: 1024px) 100vw, 1024px\" title=\"\"><\/figure>\n\n\n\n<figure class=\"wp-block-image size-full fc-pola fc-auto\"><a href=\"https:\/\/www.camping-cote-dargent.com\/de\/bilder-videogalerie\/\"><img decoding=\"async\" width=\"1024\" height=\"682\" src=\"https:\/\/www.camping-cote-dargent.com\/wp-content\/uploads\/2024\/03\/couple-couchersoleil-plage-1024x682-1.jpg\" alt=\"\" class=\"wp-image-3701\" srcset=\"https:\/\/www.camping-cote-dargent.com\/wp-content\/uploads\/2024\/03\/couple-couchersoleil-plage-1024x682-1.jpg 1024w, https:\/\/www.camping-cote-dargent.com\/wp-content\/uploads\/2024\/03\/couple-couchersoleil-plage-1024x682-1-300x200.jpg 300w, https:\/\/www.camping-cote-dargent.com\/wp-content\/uploads\/2024\/03\/couple-couchersoleil-plage-1024x682-1-768x512.jpg 768w\" sizes=\"(max-width: 1024px) 100vw, 1024px\" title=\"\"><\/a><figcaption class=\"wp-element-caption\">Siehe die Fotogalerie<\/figcaption><\/figure>\n\n\n\n<figure class=\"wp-block-image size-large fc-auto\"><img decoding=\"async\" width=\"1024\" height=\"683\" src=\"https:\/\/www.camping-cote-dargent.com\/wp-content\/uploads\/2024\/03\/photo-meteo-aout-hourtin-1024x683.webp\" alt=\"\" class=\"wp-image-4026\" srcset=\"https:\/\/www.camping-cote-dargent.com\/wp-content\/uploads\/2024\/03\/photo-meteo-aout-hourtin-1024x683.webp 1024w, https:\/\/www.camping-cote-dargent.com\/wp-content\/uploads\/2024\/03\/photo-meteo-aout-hourtin-300x200.webp 300w, https:\/\/www.camping-cote-dargent.com\/wp-content\/uploads\/2024\/03\/photo-meteo-aout-hourtin-768x512.webp 768w, https:\/\/www.camping-cote-dargent.com\/wp-content\/uploads\/2024\/03\/photo-meteo-aout-hourtin-1536x1025.webp 1536w, https:\/\/www.camping-cote-dargent.com\/wp-content\/uploads\/2024\/03\/photo-meteo-aout-hourtin.webp 1920w\" sizes=\"(max-width: 1024px) 100vw, 1024px\" title=\"\"><\/figure>\n<\/figure>\n<\/div>\n\n\n\n<div class=\"is-layout-flow wp-block-column is-vertically-aligned-center col-texte has-bleufonce-color has-text-color\">\n<h1 class=\"has-bleufonce-color has-text-color\" style=\"font-size:60px\">Auf dem Campingplatz in der Gironde \u00fcbernachten und das Departement entdecken<\/h1>\n\n\n\n<ul class=\"pictos\" style=\"font-size:18px\">\n<li><span class=\"fc-icon umbrella-beach-thin\"><\/span>  Strand<\/li>\n\n\n\n<li><span class=\"fc-icon bicycle-thin\"><\/span>  Fahrrad<\/li>\n\n\n\n<li><span class=\"fc-icon champagne-glasses-thin\"><\/span>  Wein<\/li>\n<\/ul>\n\n\n\n<p style=\"font-size:18px\">M\u00f6chten Sie einen unvergesslichen Urlaub am Meer in einer sch\u00f6nen Region Frankreichs genie\u00dfen? Dann ist die <strong>Nouvelle-Aquitaine<\/strong> genau das richtige Reiseziel f\u00fcr Sie. Sie zeichnet sich durch ihre vielf\u00e4ltigen und beliebten Sehensw\u00fcrdigkeiten, ihren nat\u00fcrlichen Reichtum und nat\u00fcrlich die Vielfalt der Aktivit\u00e4ten aus, die man vor Ort unternehmen kann. Die C\u00f4te d\u2019Argent, ein Campingplatz in der Gironde, genauer gesagt in <a href=\"https:\/\/www.camping-cote-dargent.com\/de\/alentours\/hourtin\/\">Hourtin<\/a>, l\u00e4dt Sie ein, seine verschiedenen Facetten zu entdecken.<\/p>\n\n\n\n<p><\/p>\n<\/div>\n<\/div>\n\n<div class=\"is-layout-flex wp-container-18 wp-block-columns C-10 vague-jaune\">\n<div class=\"is-layout-flow wp-block-column col-texte\">\n<h2 class=\"has-bleu-color has-text-color has-x-large-font-size\">Camping in Nouvelle-Aquitaine: Entdecken Sie die Sch\u00f6nheit der Region<\/h2>\n\n\n\n<p class=\"has-bleufonce-color has-text-color\" style=\"font-size:18px\">Die im S\u00fcdwesten Frankreichs gelegene Region Nouvelle-Aquitaine ist die gr\u00f6\u00dfte Metropolregion des Landes und erstreckt sich \u00fcber eine Fl\u00e4che von 84.100 km\u00b2, was 12,5 % des franz\u00f6sischen Staatsgebiets entspricht. Sie umfasst 12 Departements, darunter die <strong>Gironde<\/strong> mit ihrer ber\u00fchmten und viel besuchten <strong>Atlantikk\u00fcste<\/strong> sowie das Landesinnere, wo sich die Hauptstadt <strong>Bordeaux<\/strong> befindet.<\/p>\n\n\n\n<h3 class=\"has-orange-color has-text-color\" style=\"font-size:32px\">Von den Str\u00e4nden, \u00fcber die Weinberge bis zur M\u00fcndung<\/h3>\n\n\n\n<div class=\"wp-block-fc-gut-lire-plus fc-mob\">\n<p class=\"has-bleufonce-color has-text-color\" style=\"font-size:18px\">Lesen Sie mehr<\/p>\n\n\n\n<div class=\"is-layout-flow wp-block-group\">\n<p class=\"has-bleufonce-color has-text-color\" style=\"font-size:18px\"><a href=\"https:\/\/www.camping-cote-dargent.com\/de\/die-gironde\/\" data-type=\"page\" data-id=\"134\">Die Gironde, <\/a>ein touristisches Departement par excellence, erstreckt sich \u00fcber 10.000 km\u00b2 und grenzt im Westen an den Atlantik, im Osten an das P\u00e9rigord, im Norden an die Charente, die durch die Garonne getrennt ist, und im S\u00fcden an die Landes. <\/p>\n\n\n\n<p class=\"has-bleufonce-color has-text-color\" style=\"font-size:18px\">Sie ist auch durch verschiedene Facetten charakterisiert, die durch ihre Landschaften sichtbar werden. Auf der einen Seite liegt die Gironde mit ihren Weinbergen und dem <strong>Leuchtturm von Cordouan<\/strong> an ihrer M\u00fcndung, auf der anderen Seite die Atlantikk\u00fcste mit ihren Str\u00e4nden, W\u00e4ldern und Seen. Mehrere Urlaubsorte eignen sich hervorragend f\u00fcr diese Entdeckung, darunter auch Hourtin.<\/p>\n\n\n\n<p class=\"has-bleufonce-color has-text-color\" style=\"font-size:18px\">Wenn Sie Ihren Urlaub auf dem Campingplatz in Nouvelle-Aquitaine an der C\u00f4te d\u2019Argent verbringen, k\u00f6nnen Sie die verschiedenen Facetten der Region genie\u00dfen: Strand, Wald, Seen&#8230; Dank seiner geografischen Lage sind Sie ideal gelegen, um alle Vorz\u00fcge der Region zu entdecken!<\/p>\n\n\n\n<div class=\"wp-block-fc-gut-lire-plus fc-desk\">\n<p class=\"has-bleufonce-color has-text-color\" style=\"font-size:18px\">Lesen Sie mehr<\/p>\n\n\n\n<div class=\"is-layout-flow wp-block-group\">\n<h3 class=\"has-orange-color has-text-color\" style=\"font-size:32px\">Kulinarische Spezialit\u00e4ten, die Sie sich nicht entgehen lassen sollten<\/h3>\n\n\n\n<p class=\"has-bleufonce-color has-text-color\" style=\"font-size:18px\">Was die kulinarischen Spezialit\u00e4ten betrifft, ist die Gironde nicht zu untersch\u00e4tzen. Genie\u00dfer und Feinschmecker kommen hier voll auf ihre Kosten! Sie k\u00f6nnen sich mit den ber\u00fchmten Cannel\u00e9s de Bordeaux und Pralinen aus Blaye f\u00fcr die s\u00fc\u00dfen Gel\u00fcste verw\u00f6hnen lassen. Auf der herzhaften Seite k\u00f6nnen Sie sich von Austern, Gambas, Neunaugen nach Bordelaiser Art, Bazas-Rindfleisch oder sogar Kaviar verf\u00fchren lassen! <\/p>\n\n\n\n<p class=\"has-bleufonce-color has-text-color\" style=\"font-size:18px\">Die Gironde ist ein Weinbaugebiet, in dem Sie den M\u00e9doc und seine <a href=\"https:\/\/www.camping-cote-dargent.com\/de\/alentours\/weinbaugebiet-bordeaux\/\" data-type=\"URL\" data-id=\"https:\/\/www.camping-cote-dargent.com\/alentours\/visiter-vignoble-bordelais\/\">Grands Crus<\/a> entdecken k\u00f6nnen. <\/p>\n\n\n\n<p class=\"has-bleufonce-color has-text-color\" style=\"font-size:18px\">Ein Campingurlaub in der Gironde bietet die Gelegenheit, die Region mit den Spezialit\u00e4ten des Pays Bordelais und seiner Gastronomie sowie des Bassin d&#8217;Arcachon und seinen Austern zu entdecken. Hourtin ist \u00fcbrigens der ideale Ausgangspunkt f\u00fcr Ausfl\u00fcge zu den Weinkellern und Schl\u00f6ssern der ber\u00fchmten Weinberge des <a href=\"https:\/\/www.camping-cote-dargent.com\/de\/alentours\/regionaler-naturpark-medoc\/\">M\u00e9doc<\/a>.<\/p>\n<\/div>\n<\/div>\n<\/div>\n<\/div>\n<\/div>\n\n\n\n<div class=\"is-layout-flow wp-block-column col-images\">\n<div class=\"is-layout-flex wp-block-buttons\">\n\n<\/div>\n\n\n\n<figure class=\"is-layout-flex wp-block-gallery-15 wp-block-gallery has-nested-images columns-1 is-cropped fc-auto\">\n<figure class=\"wp-block-image size-full fc-auto\"><img decoding=\"async\" width=\"800\" height=\"533\" src=\"https:\/\/www.camping-cote-dargent.com\/wp-content\/uploads\/2024\/03\/ADO_Spa.webp\" alt=\"Spa in Hourtin\" class=\"wp-image-7534\" srcset=\"https:\/\/www.camping-cote-dargent.com\/wp-content\/uploads\/2024\/03\/ADO_Spa.webp 800w, https:\/\/www.camping-cote-dargent.com\/wp-content\/uploads\/2024\/03\/ADO_Spa-300x200.webp 300w, https:\/\/www.camping-cote-dargent.com\/wp-content\/uploads\/2024\/03\/ADO_Spa-768x512.webp 768w\" sizes=\"(max-width: 800px) 100vw, 800px\" title=\"\"><\/figure>\n\n\n\n<figure class=\"wp-block-image size-full fc-auto\"><img decoding=\"async\" width=\"800\" height=\"533\" src=\"https:\/\/www.camping-cote-dargent.com\/wp-content\/uploads\/2024\/03\/ADO_Hourtin-Lac_Surf.webp\" alt=\"\" class=\"wp-image-7538\" srcset=\"https:\/\/www.camping-cote-dargent.com\/wp-content\/uploads\/2024\/03\/ADO_Hourtin-Lac_Surf.webp 800w, https:\/\/www.camping-cote-dargent.com\/wp-content\/uploads\/2024\/03\/ADO_Hourtin-Lac_Surf-300x200.webp 300w, https:\/\/www.camping-cote-dargent.com\/wp-content\/uploads\/2024\/03\/ADO_Hourtin-Lac_Surf-768x512.webp 768w\" sizes=\"(max-width: 800px) 100vw, 800px\" title=\"\"><\/figure>\n<\/figure>\n<\/div>\n<\/div>\n\n<div class=\"is-layout-constrained wp-block-group\">\r\n<section id=\"fc-alentours\" class=\"wp-block-columns\">\r\n\r\n  <div id=\"listing-alentours\" class=\"wp-block-column\">\r\n    \r\n    <div class=\"filtres\">\r\n      <div>\r\n        <input id=\"all\" name=\"filter\" type=\"radio\" class=\"all-input\" checked=\"checked\" \/>\r\n        <label for=\"all\" class=\"all-label\">Tous les lieux<\/label>\r\n      <\/div>\r\n      <div><input id=\"besuch\" name=\"filter\" type=\"radio\" \/><label for=\"besuch\">Besuch<\/label><\/div><div><input id=\"meeresufer\" name=\"filter\" type=\"radio\" \/><label for=\"meeresufer\">Meeresufer<\/label><\/div><div><input id=\"weinberg\" name=\"filter\" type=\"radio\" \/><label for=\"weinberg\">Weinberg<\/label><\/div>      <input type='hidden' id='current_page'\/>\r\n      <input type='hidden' id='show_per_page'\/>\r\n    <\/div>\r\n\r\n    <div id=\"listing\">\r\n              <article class=\"lieu-alentour currentCat visuel\" data-cat=\"camping\" data-slug=\"camping\" data-couleur='#16b095'  data-latitude=\"45.2229131\" data-longitude=\"-1.1647047\">\r\n          <div class=\"texte-lieu\">\r\n            <p class=\"titre-lieu\">Camping La C\u00f4te d&#8217;Argent<\/p>\r\n          <\/div>\r\n          <img width=\"1024\" height=\"682\" src=\"https:\/\/www.camping-cote-dargent.com\/wp-content\/uploads\/2024\/03\/parc-aquatique-camping-gironde-1024x682-1.jpg\" class=\"attachment-large size-large\" alt=\"\" decoding=\"async\" srcset=\"https:\/\/www.camping-cote-dargent.com\/wp-content\/uploads\/2024\/03\/parc-aquatique-camping-gironde-1024x682-1.jpg 1024w, https:\/\/www.camping-cote-dargent.com\/wp-content\/uploads\/2024\/03\/parc-aquatique-camping-gironde-1024x682-1-300x200.jpg 300w, https:\/\/www.camping-cote-dargent.com\/wp-content\/uploads\/2024\/03\/parc-aquatique-camping-gironde-1024x682-1-768x512.jpg 768w\" sizes=\"(max-width: 1024px) 100vw, 1024px\" title=\"\">        <\/article>\r\n                <a href=\"https:\/\/www.camping-cote-dargent.com\/de\/alentours\/le-verdon-sur-mer\/\" class=\"lieu-alentour currentCat visuel\" data-cat=\"\" data-slug=\"le-verdon-sur-mer\" data-icone=\"\" data-couleur=\"\" data-latitude=\"45.546371\" data-longitude=\"-1.061701\">\r\n          <div class=\"texte-lieu\">\r\n            <p class=\"categorie-lieu\">\r\n              <i class=\"fc-icon location-dot-solid sa\"><\/i>            <\/p>\r\n            <p class=\"titre-lieu\">Le Verdon sur Mer <span class=\"icon-hover-card\"><\/span><\/p>\r\n          <\/div>\r\n          <img width=\"800\" height=\"533\" src=\"https:\/\/www.camping-cote-dargent.com\/wp-content\/uploads\/2024\/10\/ADO_Le-Verdon-sur-Mer.webp\" class=\"attachment-large size-large\" alt=\"\" decoding=\"async\" srcset=\"https:\/\/www.camping-cote-dargent.com\/wp-content\/uploads\/2024\/10\/ADO_Le-Verdon-sur-Mer.webp 800w, https:\/\/www.camping-cote-dargent.com\/wp-content\/uploads\/2024\/10\/ADO_Le-Verdon-sur-Mer-300x200.webp 300w, https:\/\/www.camping-cote-dargent.com\/wp-content\/uploads\/2024\/10\/ADO_Le-Verdon-sur-Mer-768x512.webp 768w\" sizes=\"(max-width: 800px) 100vw, 800px\" title=\"\">        <\/a>\r\n              <a href=\"https:\/\/www.camping-cote-dargent.com\/de\/alentours\/avensan\/\" class=\"lieu-alentour currentCat visuel\" data-cat=\"\" data-slug=\"avensan\" data-icone=\"\" data-couleur=\"\" data-latitude=\"45.034305\" data-longitude=\"-0.757465\">\r\n          <div class=\"texte-lieu\">\r\n            <p class=\"categorie-lieu\">\r\n              <i class=\"fc-icon location-dot-solid sa\"><\/i>            <\/p>\r\n            <p class=\"titre-lieu\">Avensan <span class=\"icon-hover-card\"><\/span><\/p>\r\n          <\/div>\r\n          <img width=\"1024\" height=\"683\" src=\"https:\/\/www.camping-cote-dargent.com\/wp-content\/uploads\/2024\/05\/ADO_Avensan-1024x683.webp\" class=\"attachment-large size-large\" alt=\"Eglise d&#039;Avensan pr\u00e8s du camping\" decoding=\"async\" srcset=\"https:\/\/www.camping-cote-dargent.com\/wp-content\/uploads\/2024\/05\/ADO_Avensan-1024x683.webp 1024w, https:\/\/www.camping-cote-dargent.com\/wp-content\/uploads\/2024\/05\/ADO_Avensan-300x200.webp 300w, https:\/\/www.camping-cote-dargent.com\/wp-content\/uploads\/2024\/05\/ADO_Avensan-768x512.webp 768w, https:\/\/www.camping-cote-dargent.com\/wp-content\/uploads\/2024\/05\/ADO_Avensan.webp 1049w\" sizes=\"(max-width: 1024px) 100vw, 1024px\" title=\"\">        <\/a>\r\n              <a href=\"https:\/\/www.camping-cote-dargent.com\/de\/alentours\/naujac-sur-mer\/\" class=\"lieu-alentour currentCat visuel\" data-cat=\"\" data-slug=\"naujac-sur-mer\" data-icone=\"\" data-couleur=\"\" data-latitude=\"45.254005\" data-longitude=\"-1.024325\">\r\n          <div class=\"texte-lieu\">\r\n            <p class=\"categorie-lieu\">\r\n              <i class=\"fc-icon location-dot-solid sa\"><\/i>            <\/p>\r\n            <p class=\"titre-lieu\">Naujac-sur-Mer <span class=\"icon-hover-card\"><\/span><\/p>\r\n          <\/div>\r\n          <img width=\"1024\" height=\"683\" src=\"https:\/\/www.camping-cote-dargent.com\/wp-content\/uploads\/2024\/05\/ADO_Naujac-sur-Mer-1024x683.webp\" class=\"attachment-large size-large\" alt=\"Plage de Naujac sur Mer pr\u00e8s du camping La C\u00f4te d&#039;Argent\" decoding=\"async\" srcset=\"https:\/\/www.camping-cote-dargent.com\/wp-content\/uploads\/2024\/05\/ADO_Naujac-sur-Mer-1024x683.webp 1024w, https:\/\/www.camping-cote-dargent.com\/wp-content\/uploads\/2024\/05\/ADO_Naujac-sur-Mer-300x200.webp 300w, https:\/\/www.camping-cote-dargent.com\/wp-content\/uploads\/2024\/05\/ADO_Naujac-sur-Mer-768x512.webp 768w, https:\/\/www.camping-cote-dargent.com\/wp-content\/uploads\/2024\/05\/ADO_Naujac-sur-Mer.webp 1049w\" sizes=\"(max-width: 1024px) 100vw, 1024px\" title=\"\">        <\/a>\r\n              <a href=\"https:\/\/www.camping-cote-dargent.com\/de\/alentours\/weinbaugebiet-bordeaux\/\" class=\"lieu-alentour currentCat visuel\" data-cat=\"\" data-slug=\"weinbaugebiet-bordeaux\" data-icone=\"\" data-couleur=\"\" data-latitude=\"44.8416106\" data-longitude=\"-0.5810938\">\r\n          <div class=\"texte-lieu\">\r\n            <p class=\"categorie-lieu\">\r\n              <i class=\"fc-icon location-dot-solid sa\"><\/i>            <\/p>\r\n            <p class=\"titre-lieu\">Vignoble bordelais <span class=\"icon-hover-card\"><\/span><\/p>\r\n          <\/div>\r\n          <img width=\"900\" height=\"678\" src=\"https:\/\/www.camping-cote-dargent.com\/wp-content\/uploads\/2024\/05\/ADO_Vignoble_Bordelais.webp\" class=\"attachment-large size-large\" alt=\"\" decoding=\"async\" srcset=\"https:\/\/www.camping-cote-dargent.com\/wp-content\/uploads\/2024\/05\/ADO_Vignoble_Bordelais.webp 900w, https:\/\/www.camping-cote-dargent.com\/wp-content\/uploads\/2024\/05\/ADO_Vignoble_Bordelais-300x226.webp 300w, https:\/\/www.camping-cote-dargent.com\/wp-content\/uploads\/2024\/05\/ADO_Vignoble_Bordelais-768x579.webp 768w\" sizes=\"(max-width: 900px) 100vw, 900px\" title=\"\">        <\/a>\r\n              <a href=\"https:\/\/www.camping-cote-dargent.com\/de\/alentours\/saint-medard-en-jalles\/\" class=\"lieu-alentour currentCat visuel\" data-cat=\"\" data-slug=\"saint-medard-en-jalles\" data-icone=\"\" data-couleur=\"\" data-latitude=\"44.895295\" data-longitude=\"-0.7181\">\r\n          <div class=\"texte-lieu\">\r\n            <p class=\"categorie-lieu\">\r\n              <i class=\"fc-icon location-dot-solid sa\"><\/i>            <\/p>\r\n            <p class=\"titre-lieu\">Saint-M\u00e9dard-en-Jalles <span class=\"icon-hover-card\"><\/span><\/p>\r\n          <\/div>\r\n          <img width=\"1024\" height=\"683\" src=\"https:\/\/www.camping-cote-dargent.com\/wp-content\/uploads\/2024\/05\/ADO_Saint-Medard-en-Jalles-1024x683.webp\" class=\"attachment-large size-large\" alt=\"Mairie de Saint M\u00e9dard en Jalles pr\u00e8s du camping\" decoding=\"async\" srcset=\"https:\/\/www.camping-cote-dargent.com\/wp-content\/uploads\/2024\/05\/ADO_Saint-Medard-en-Jalles-1024x683.webp 1024w, https:\/\/www.camping-cote-dargent.com\/wp-content\/uploads\/2024\/05\/ADO_Saint-Medard-en-Jalles-300x200.webp 300w, https:\/\/www.camping-cote-dargent.com\/wp-content\/uploads\/2024\/05\/ADO_Saint-Medard-en-Jalles-768x512.webp 768w, https:\/\/www.camping-cote-dargent.com\/wp-content\/uploads\/2024\/05\/ADO_Saint-Medard-en-Jalles.webp 1050w\" sizes=\"(max-width: 1024px) 100vw, 1024px\" title=\"\">        <\/a>\r\n              <a href=\"https:\/\/www.camping-cote-dargent.com\/de\/alentours\/bordeaux\/\" class=\"lieu-alentour currentCat visuel\" data-cat=\"besuch\" data-slug=\"bordeaux\" data-icone=\"\" data-couleur=\"\" data-latitude=\"44.837789\" data-longitude=\"-0.57918\">\r\n          <div class=\"texte-lieu\">\r\n            <p class=\"categorie-lieu\">\r\n              <i class=\"fc-icon location-dot-solid sa\"><\/i>Besuch            <\/p>\r\n            <p class=\"titre-lieu\">Bordeaux <span class=\"icon-hover-card\"><\/span><\/p>\r\n          <\/div>\r\n          <img width=\"640\" height=\"427\" src=\"https:\/\/www.camping-cote-dargent.com\/wp-content\/uploads\/2024\/03\/bordeaux-g0f194fbd8_640.jpg\" class=\"attachment-large size-large\" alt=\"\" decoding=\"async\" srcset=\"https:\/\/www.camping-cote-dargent.com\/wp-content\/uploads\/2024\/03\/bordeaux-g0f194fbd8_640.jpg 640w, https:\/\/www.camping-cote-dargent.com\/wp-content\/uploads\/2024\/03\/bordeaux-g0f194fbd8_640-300x200.jpg 300w\" sizes=\"(max-width: 640px) 100vw, 640px\" title=\"\">        <\/a>\r\n              <a href=\"https:\/\/www.camping-cote-dargent.com\/de\/alentours\/pauillac\/\" class=\"lieu-alentour currentCat visuel\" data-cat=\"weinberg\" data-slug=\"pauillac\" data-icone=\"\" data-couleur=\"\" data-latitude=\"45.199585\" data-longitude=\"-0.746212\">\r\n          <div class=\"texte-lieu\">\r\n            <p class=\"categorie-lieu\">\r\n              <i class=\"fc-icon location-dot-solid sa\"><\/i>Weinberg            <\/p>\r\n            <p class=\"titre-lieu\">Pauillac <span class=\"icon-hover-card\"><\/span><\/p>\r\n          <\/div>\r\n          <img width=\"1024\" height=\"683\" src=\"https:\/\/www.camping-cote-dargent.com\/wp-content\/uploads\/2024\/03\/adobestock_550276054-1024x683.jpg\" class=\"attachment-large size-large\" alt=\"\" decoding=\"async\" srcset=\"https:\/\/www.camping-cote-dargent.com\/wp-content\/uploads\/2024\/03\/adobestock_550276054-1024x683.jpg 1024w, https:\/\/www.camping-cote-dargent.com\/wp-content\/uploads\/2024\/03\/adobestock_550276054-300x200.jpg 300w, https:\/\/www.camping-cote-dargent.com\/wp-content\/uploads\/2024\/03\/adobestock_550276054-768x512.jpg 768w, https:\/\/www.camping-cote-dargent.com\/wp-content\/uploads\/2024\/03\/adobestock_550276054.jpg 1200w\" sizes=\"(max-width: 1024px) 100vw, 1024px\" title=\"\">        <\/a>\r\n              <a href=\"https:\/\/www.camping-cote-dargent.com\/de\/alentours\/saint-estephe\/\" class=\"lieu-alentour currentCat visuel\" data-cat=\"weinberg\" data-slug=\"saint-estephe\" data-icone=\"\" data-couleur=\"\" data-latitude=\"45.2648099\" data-longitude=\"-0.7717824\">\r\n          <div class=\"texte-lieu\">\r\n            <p class=\"categorie-lieu\">\r\n              <i class=\"fc-icon location-dot-solid sa\"><\/i>Weinberg            <\/p>\r\n            <p class=\"titre-lieu\">Saint-Est\u00e8phe <span class=\"icon-hover-card\"><\/span><\/p>\r\n          <\/div>\r\n          <img width=\"1000\" height=\"667\" src=\"https:\/\/www.camping-cote-dargent.com\/wp-content\/uploads\/2024\/03\/saint-estephe.jpg\" class=\"attachment-large size-large\" alt=\"\" decoding=\"async\" srcset=\"https:\/\/www.camping-cote-dargent.com\/wp-content\/uploads\/2024\/03\/saint-estephe.jpg 1000w, https:\/\/www.camping-cote-dargent.com\/wp-content\/uploads\/2024\/03\/saint-estephe-300x200.jpg 300w, https:\/\/www.camping-cote-dargent.com\/wp-content\/uploads\/2024\/03\/saint-estephe-768x512.jpg 768w\" sizes=\"(max-width: 1000px) 100vw, 1000px\" title=\"\">        <\/a>\r\n              <a href=\"https:\/\/www.camping-cote-dargent.com\/de\/alentours\/duene-von-pilat\/\" class=\"lieu-alentour currentCat visuel\" data-cat=\"meeresufer\" data-slug=\"duene-von-pilat\" data-icone=\"\" data-couleur=\"\" data-latitude=\"44.5896525\" data-longitude=\"-1.2133338\">\r\n          <div class=\"texte-lieu\">\r\n            <p class=\"categorie-lieu\">\r\n              <i class=\"fc-icon location-dot-solid sa\"><\/i>Meeresufer            <\/p>\r\n            <p class=\"titre-lieu\">Dune du Pilat <span class=\"icon-hover-card\"><\/span><\/p>\r\n          <\/div>\r\n          <img width=\"640\" height=\"425\" src=\"https:\/\/www.camping-cote-dargent.com\/wp-content\/uploads\/2024\/03\/paraglider-g666f1b27f_640.jpg\" class=\"attachment-large size-large\" alt=\"\" decoding=\"async\" srcset=\"https:\/\/www.camping-cote-dargent.com\/wp-content\/uploads\/2024\/03\/paraglider-g666f1b27f_640.jpg 640w, https:\/\/www.camping-cote-dargent.com\/wp-content\/uploads\/2024\/03\/paraglider-g666f1b27f_640-300x199.jpg 300w\" sizes=\"(max-width: 640px) 100vw, 640px\" title=\"\">        <\/a>\r\n              <a href=\"https:\/\/www.camping-cote-dargent.com\/de\/alentours\/lesparre-medoc\/\" class=\"lieu-alentour currentCat visuel\" data-cat=\"besuch\" data-slug=\"lesparre-medoc\" data-icone=\"\" data-couleur=\"\" data-latitude=\"45.305814\" data-longitude=\"-0.93519\">\r\n          <div class=\"texte-lieu\">\r\n            <p class=\"categorie-lieu\">\r\n              <i class=\"fc-icon location-dot-solid sa\"><\/i>Besuch            <\/p>\r\n            <p class=\"titre-lieu\">Lesparre M\u00e9doc <span class=\"icon-hover-card\"><\/span><\/p>\r\n          <\/div>\r\n          <img width=\"667\" height=\"500\" src=\"https:\/\/www.camping-cote-dargent.com\/wp-content\/uploads\/2024\/03\/wc_lesparre-medoc-1.jpg\" class=\"attachment-large size-large\" alt=\"\" decoding=\"async\" srcset=\"https:\/\/www.camping-cote-dargent.com\/wp-content\/uploads\/2024\/03\/wc_lesparre-medoc-1.jpg 667w, https:\/\/www.camping-cote-dargent.com\/wp-content\/uploads\/2024\/03\/wc_lesparre-medoc-1-300x225.jpg 300w\" sizes=\"(max-width: 667px) 100vw, 667px\" title=\"\">        <\/a>\r\n              <a href=\"https:\/\/www.camping-cote-dargent.com\/de\/alentours\/carcans\/\" class=\"lieu-alentour currentCat visuel\" data-cat=\"besuch\" data-slug=\"carcans\" data-icone=\"\" data-couleur=\"\" data-latitude=\"45.079019\" data-longitude=\"-1.042335\">\r\n          <div class=\"texte-lieu\">\r\n            <p class=\"categorie-lieu\">\r\n              <i class=\"fc-icon location-dot-solid sa\"><\/i>Besuch            <\/p>\r\n            <p class=\"titre-lieu\">Carcans <span class=\"icon-hover-card\"><\/span><\/p>\r\n          <\/div>\r\n          <img width=\"1000\" height=\"667\" src=\"https:\/\/www.camping-cote-dargent.com\/wp-content\/uploads\/2024\/04\/carcans.jpg\" class=\"attachment-large size-large\" alt=\"\" decoding=\"async\" srcset=\"https:\/\/www.camping-cote-dargent.com\/wp-content\/uploads\/2024\/04\/carcans.jpg 1000w, https:\/\/www.camping-cote-dargent.com\/wp-content\/uploads\/2024\/04\/carcans-300x200.jpg 300w, https:\/\/www.camping-cote-dargent.com\/wp-content\/uploads\/2024\/04\/carcans-768x512.jpg 768w\" sizes=\"(max-width: 1000px) 100vw, 1000px\" title=\"\">        <\/a>\r\n              <a href=\"https:\/\/www.camping-cote-dargent.com\/de\/alentours\/vertheuil\/\" class=\"lieu-alentour currentCat visuel\" data-cat=\"weinberg\" data-slug=\"vertheuil\" data-icone=\"\" data-couleur=\"\" data-latitude=\"45.250609\" data-longitude=\"-0.834964\">\r\n          <div class=\"texte-lieu\">\r\n            <p class=\"categorie-lieu\">\r\n              <i class=\"fc-icon location-dot-solid sa\"><\/i>Weinberg            <\/p>\r\n            <p class=\"titre-lieu\">Vertheuil <span class=\"icon-hover-card\"><\/span><\/p>\r\n          <\/div>\r\n          <img width=\"900\" height=\"600\" src=\"https:\/\/www.camping-cote-dargent.com\/wp-content\/uploads\/2024\/03\/ado_abbaye-vertheuil.jpg\" class=\"attachment-large size-large\" alt=\"\" decoding=\"async\" srcset=\"https:\/\/www.camping-cote-dargent.com\/wp-content\/uploads\/2024\/03\/ado_abbaye-vertheuil.jpg 900w, https:\/\/www.camping-cote-dargent.com\/wp-content\/uploads\/2024\/03\/ado_abbaye-vertheuil-300x200.jpg 300w, https:\/\/www.camping-cote-dargent.com\/wp-content\/uploads\/2024\/03\/ado_abbaye-vertheuil-768x512.jpg 768w\" sizes=\"(max-width: 900px) 100vw, 900px\" title=\"\">        <\/a>\r\n              <a href=\"https:\/\/www.camping-cote-dargent.com\/de\/alentours\/hourtin\/\" class=\"lieu-alentour currentCat visuel\" data-cat=\"besuch\" data-slug=\"hourtin\" data-icone=\"\" data-couleur=\"\" data-latitude=\"45.186089\" data-longitude=\"-1.057202\">\r\n          <div class=\"texte-lieu\">\r\n            <p class=\"categorie-lieu\">\r\n              <i class=\"fc-icon location-dot-solid sa\"><\/i>Besuch            <\/p>\r\n            <p class=\"titre-lieu\">Hourtin <span class=\"icon-hover-card\"><\/span><\/p>\r\n          <\/div>\r\n          <img width=\"1024\" height=\"782\" src=\"https:\/\/www.camping-cote-dargent.com\/wp-content\/uploads\/2024\/03\/photo-tourisme-hourtin-1024x782.webp\" class=\"attachment-large size-large\" alt=\"\" decoding=\"async\" srcset=\"https:\/\/www.camping-cote-dargent.com\/wp-content\/uploads\/2024\/03\/photo-tourisme-hourtin-1024x782.webp 1024w, https:\/\/www.camping-cote-dargent.com\/wp-content\/uploads\/2024\/03\/photo-tourisme-hourtin-300x229.webp 300w, https:\/\/www.camping-cote-dargent.com\/wp-content\/uploads\/2024\/03\/photo-tourisme-hourtin-768x586.webp 768w, https:\/\/www.camping-cote-dargent.com\/wp-content\/uploads\/2024\/03\/photo-tourisme-hourtin-1536x1173.webp 1536w, https:\/\/www.camping-cote-dargent.com\/wp-content\/uploads\/2024\/03\/photo-tourisme-hourtin.webp 1920w\" sizes=\"(max-width: 1024px) 100vw, 1024px\" title=\"\">        <\/a>\r\n              <a href=\"https:\/\/www.camping-cote-dargent.com\/de\/alentours\/vendays-montalivet\/\" class=\"lieu-alentour currentCat visuel\" data-cat=\"besuch\" data-slug=\"vendays-montalivet\" data-icone=\"\" data-couleur=\"\" data-latitude=\"45.3569389\" data-longitude=\"-1.061774\">\r\n          <div class=\"texte-lieu\">\r\n            <p class=\"categorie-lieu\">\r\n              <i class=\"fc-icon location-dot-solid sa\"><\/i>Besuch            <\/p>\r\n            <p class=\"titre-lieu\">Vendays-Montalivet <span class=\"icon-hover-card\"><\/span><\/p>\r\n          <\/div>\r\n          <img width=\"850\" height=\"567\" src=\"https:\/\/www.camping-cote-dargent.com\/wp-content\/uploads\/2024\/03\/ADO_Vendays-Montalivet.webp\" class=\"attachment-large size-large\" alt=\"Cabane sur la plage \u00e0 Vendays-Montalivet\" decoding=\"async\" srcset=\"https:\/\/www.camping-cote-dargent.com\/wp-content\/uploads\/2024\/03\/ADO_Vendays-Montalivet.webp 850w, https:\/\/www.camping-cote-dargent.com\/wp-content\/uploads\/2024\/03\/ADO_Vendays-Montalivet-300x200.webp 300w, https:\/\/www.camping-cote-dargent.com\/wp-content\/uploads\/2024\/03\/ADO_Vendays-Montalivet-768x512.webp 768w\" sizes=\"(max-width: 850px) 100vw, 850px\" title=\"\">        <\/a>\r\n              <a href=\"https:\/\/www.camping-cote-dargent.com\/de\/alentours\/regionaler-naturpark-medoc\/\" class=\"lieu-alentour currentCat visuel\" data-cat=\"weinberg\" data-slug=\"regionaler-naturpark-medoc\" data-icone=\"\" data-couleur=\"\" data-latitude=\"45.1290533\" data-longitude=\"-0.9655755\">\r\n          <div class=\"texte-lieu\">\r\n            <p class=\"categorie-lieu\">\r\n              <i class=\"fc-icon location-dot-solid sa\"><\/i>Weinberg            <\/p>\r\n            <p class=\"titre-lieu\">Parc Naturel R\u00e9gional du M\u00e9doc <span class=\"icon-hover-card\"><\/span><\/p>\r\n          <\/div>\r\n          <img width=\"968\" height=\"800\" src=\"https:\/\/www.camping-cote-dargent.com\/wp-content\/uploads\/2024\/04\/parc-naturel-regional-du-medoc-1.jpg\" class=\"attachment-large size-large\" alt=\"\" decoding=\"async\" srcset=\"https:\/\/www.camping-cote-dargent.com\/wp-content\/uploads\/2024\/04\/parc-naturel-regional-du-medoc-1.jpg 968w, https:\/\/www.camping-cote-dargent.com\/wp-content\/uploads\/2024\/04\/parc-naturel-regional-du-medoc-1-300x248.jpg 300w, https:\/\/www.camping-cote-dargent.com\/wp-content\/uploads\/2024\/04\/parc-naturel-regional-du-medoc-1-768x635.jpg 768w\" sizes=\"(max-width: 968px) 100vw, 968px\" title=\"\">        <\/a>\r\n              <a href=\"https:\/\/www.camping-cote-dargent.com\/de\/alentours\/arcachon\/\" class=\"lieu-alentour currentCat visuel\" data-cat=\"meeresufer\" data-slug=\"arcachon\" data-icone=\"\" data-couleur=\"\" data-latitude=\"44.652297\" data-longitude=\"-1.1785016\">\r\n          <div class=\"texte-lieu\">\r\n            <p class=\"categorie-lieu\">\r\n              <i class=\"fc-icon location-dot-solid sa\"><\/i>Meeresufer            <\/p>\r\n            <p class=\"titre-lieu\">Arcachon <span class=\"icon-hover-card\"><\/span><\/p>\r\n          <\/div>\r\n          <img width=\"480\" height=\"640\" src=\"https:\/\/www.camping-cote-dargent.com\/wp-content\/uploads\/2024\/03\/arcachon-gc8ab7ed2f_640.jpg\" class=\"attachment-large size-large\" alt=\"\" decoding=\"async\" srcset=\"https:\/\/www.camping-cote-dargent.com\/wp-content\/uploads\/2024\/03\/arcachon-gc8ab7ed2f_640.jpg 480w, https:\/\/www.camping-cote-dargent.com\/wp-content\/uploads\/2024\/03\/arcachon-gc8ab7ed2f_640-225x300.jpg 225w\" sizes=\"(max-width: 480px) 100vw, 480px\" title=\"\">        <\/a>\r\n              <a href=\"https:\/\/www.camping-cote-dargent.com\/de\/alentours\/lacanau\/\" class=\"lieu-alentour currentCat visuel\" data-cat=\"besuch\" data-slug=\"lacanau\" data-icone=\"\" data-couleur=\"\" data-latitude=\"44.978459\" data-longitude=\"-1.075745\">\r\n          <div class=\"texte-lieu\">\r\n            <p class=\"categorie-lieu\">\r\n              <i class=\"fc-icon location-dot-solid sa\"><\/i>Besuch            <\/p>\r\n            <p class=\"titre-lieu\">Lacanau <span class=\"icon-hover-card\"><\/span><\/p>\r\n          <\/div>\r\n          <img width=\"850\" height=\"567\" src=\"https:\/\/www.camping-cote-dargent.com\/wp-content\/uploads\/2024\/03\/ADO_Plage_Lacanau.webp\" class=\"attachment-large size-large\" alt=\"Lacanau beach near camping C\u00f4te d&#039;Argent\" decoding=\"async\" srcset=\"https:\/\/www.camping-cote-dargent.com\/wp-content\/uploads\/2024\/03\/ADO_Plage_Lacanau.webp 850w, https:\/\/www.camping-cote-dargent.com\/wp-content\/uploads\/2024\/03\/ADO_Plage_Lacanau-300x200.webp 300w, https:\/\/www.camping-cote-dargent.com\/wp-content\/uploads\/2024\/03\/ADO_Plage_Lacanau-768x512.webp 768w\" sizes=\"(max-width: 850px) 100vw, 850px\" title=\"\">        <\/a>\r\n              <a href=\"https:\/\/www.camping-cote-dargent.com\/de\/alentours\/leuchtturm-von-cordouan\/\" class=\"lieu-alentour currentCat visuel\" data-cat=\"meeresufer\" data-slug=\"leuchtturm-von-cordouan\" data-icone=\"\" data-couleur=\"\" data-latitude=\"45.5863268\" data-longitude=\"-1.1736116\">\r\n          <div class=\"texte-lieu\">\r\n            <p class=\"categorie-lieu\">\r\n              <i class=\"fc-icon location-dot-solid sa\"><\/i>Meeresufer            <\/p>\r\n            <p class=\"titre-lieu\">Phare de Cordouan <span class=\"icon-hover-card\"><\/span><\/p>\r\n          <\/div>\r\n          <img width=\"640\" height=\"480\" src=\"https:\/\/www.camping-cote-dargent.com\/wp-content\/uploads\/2024\/03\/lighthouse-g62ce22559_640.jpg\" class=\"attachment-large size-large\" alt=\"\" decoding=\"async\" srcset=\"https:\/\/www.camping-cote-dargent.com\/wp-content\/uploads\/2024\/03\/lighthouse-g62ce22559_640.jpg 640w, https:\/\/www.camping-cote-dargent.com\/wp-content\/uploads\/2024\/03\/lighthouse-g62ce22559_640-300x225.jpg 300w\" sizes=\"(max-width: 640px) 100vw, 640px\" title=\"\">        <\/a>\r\n              <a href=\"https:\/\/www.camping-cote-dargent.com\/de\/alentours\/cap-ferret\/\" class=\"lieu-alentour currentCat visuel\" data-cat=\"meeresufer\" data-slug=\"cap-ferret\" data-icone=\"\" data-couleur=\"\" data-latitude=\"44.61731\" data-longitude=\"-1.252691\">\r\n          <div class=\"texte-lieu\">\r\n            <p class=\"categorie-lieu\">\r\n              <i class=\"fc-icon location-dot-solid sa\"><\/i>Meeresufer            <\/p>\r\n            <p class=\"titre-lieu\">Cap Ferret <span class=\"icon-hover-card\"><\/span><\/p>\r\n          <\/div>\r\n          <img width=\"1024\" height=\"683\" src=\"https:\/\/www.camping-cote-dargent.com\/wp-content\/uploads\/2024\/03\/AdobeStock_190250393-1024x683.jpg\" class=\"attachment-large size-large\" alt=\"\" decoding=\"async\" srcset=\"https:\/\/www.camping-cote-dargent.com\/wp-content\/uploads\/2024\/03\/AdobeStock_190250393-1024x683.jpg 1024w, https:\/\/www.camping-cote-dargent.com\/wp-content\/uploads\/2024\/03\/AdobeStock_190250393-300x200.jpg 300w, https:\/\/www.camping-cote-dargent.com\/wp-content\/uploads\/2024\/03\/AdobeStock_190250393-768x512.jpg 768w, https:\/\/www.camping-cote-dargent.com\/wp-content\/uploads\/2024\/03\/AdobeStock_190250393-1536x1024.jpg 1536w, https:\/\/www.camping-cote-dargent.com\/wp-content\/uploads\/2024\/03\/AdobeStock_190250393.jpg 1920w\" sizes=\"(max-width: 1024px) 100vw, 1024px\" title=\"\">        <\/a>\r\n              <a href=\"https:\/\/www.camping-cote-dargent.com\/de\/alentours\/blaye\/\" class=\"lieu-alentour currentCat visuel\" data-cat=\"besuch\" data-slug=\"blaye\" data-icone=\"\" data-couleur=\"\" data-latitude=\"45.126841\" data-longitude=\"-0.662941\">\r\n          <div class=\"texte-lieu\">\r\n            <p class=\"categorie-lieu\">\r\n              <i class=\"fc-icon location-dot-solid sa\"><\/i>Besuch            <\/p>\r\n            <p class=\"titre-lieu\">Blaye <span class=\"icon-hover-card\"><\/span><\/p>\r\n          <\/div>\r\n          <img width=\"1000\" height=\"568\" src=\"https:\/\/www.camping-cote-dargent.com\/wp-content\/uploads\/2024\/03\/citadelle-de-blaye.jpg\" class=\"attachment-large size-large\" alt=\"\" decoding=\"async\" srcset=\"https:\/\/www.camping-cote-dargent.com\/wp-content\/uploads\/2024\/03\/citadelle-de-blaye.jpg 1000w, https:\/\/www.camping-cote-dargent.com\/wp-content\/uploads\/2024\/03\/citadelle-de-blaye-300x170.jpg 300w, https:\/\/www.camping-cote-dargent.com\/wp-content\/uploads\/2024\/03\/citadelle-de-blaye-768x436.jpg 768w\" sizes=\"(max-width: 1000px) 100vw, 1000px\" title=\"\">        <\/a>\r\n              <a href=\"https:\/\/www.camping-cote-dargent.com\/de\/alentours\/weinbaugebiet-medoc\/\" class=\"lieu-alentour currentCat visuel\" data-cat=\"weinberg\" data-slug=\"weinbaugebiet-medoc\" data-icone=\"\" data-couleur=\"\" data-latitude=\"45.2648099\" data-longitude=\"-0.7717824\">\r\n          <div class=\"texte-lieu\">\r\n            <p class=\"categorie-lieu\">\r\n              <i class=\"fc-icon location-dot-solid sa\"><\/i>Weinberg            <\/p>\r\n            <p class=\"titre-lieu\">Le M\u00e9doc <span class=\"icon-hover-card\"><\/span><\/p>\r\n          <\/div>\r\n          <img width=\"1024\" height=\"737\" src=\"https:\/\/www.camping-cote-dargent.com\/wp-content\/uploads\/2024\/04\/vignoble-du-medoc_2-1024x737.jpg\" class=\"attachment-large size-large\" alt=\"\" decoding=\"async\" srcset=\"https:\/\/www.camping-cote-dargent.com\/wp-content\/uploads\/2024\/04\/vignoble-du-medoc_2-1024x737.jpg 1024w, https:\/\/www.camping-cote-dargent.com\/wp-content\/uploads\/2024\/04\/vignoble-du-medoc_2-300x216.jpg 300w, https:\/\/www.camping-cote-dargent.com\/wp-content\/uploads\/2024\/04\/vignoble-du-medoc_2-768x553.jpg 768w, https:\/\/www.camping-cote-dargent.com\/wp-content\/uploads\/2024\/04\/vignoble-du-medoc_2-1536x1106.jpg 1536w, https:\/\/www.camping-cote-dargent.com\/wp-content\/uploads\/2024\/04\/vignoble-du-medoc_2.jpg 2048w\" sizes=\"(max-width: 1024px) 100vw, 1024px\" title=\"\">        <\/a>\r\n          <\/div>\r\n    <div id='page_navigation'><\/div>\r\n  <\/div>\r\n\r\n  <div id=\"map-alentours\" class=\"wp-block-column\">\r\n    <div id=\"map\"><\/div>\r\n  <\/div>\r\n\r\n<\/section>\r\n\r\n<\/div>\n\n<div class=\"is-layout-flex wp-container-27 wp-block-columns C-30 vague-vert\">\n<div class=\"is-layout-flow wp-block-column col-texte\">\n<h2 class=\"has-bleu-color has-text-color has-x-large-font-size\">Wo kann man in der Gironde campen?<\/h2>\n\n\n\n<p class=\"has-bleufonce-color has-text-color\" style=\"font-size:18px\">Wenn Sie sich f\u00fcr einen Campingplatz in der Gironde entscheiden, k\u00f6nnen Sie sich auf den 5-Sterne-Campingplatz C\u00f4te d&#8217;Argent in Hourtin verlassen! Er bietet allen Komfort dank seiner Unterk\u00fcnfte, die einen angenehmen Aufenthalt garantieren, aber auch dank der <a href=\"https:\/\/www.camping-cote-dargent.com\/de\/serviceleistungen\/\" data-type=\"page\" data-id=\"111\">Freizeiteinrichtungen<\/a>, die Urlaubern mit Familie gefallen werden. Entdecken Sie insbesondere den <a href=\"https:\/\/www.camping-cote-dargent.com\/de\/campingplatz-frankreich-mit-wasserpark\/\" data-type=\"page\" data-id=\"129\">BRANDNEUEN beheizten Wasserpark<\/a> mit einer Fl\u00e4che von etwa 9.000 m\u00b2!<\/p>\n\n\n\n<div class=\"wp-block-fc-gut-lire-plus fc-mob\">\n<p class=\"has-bleufonce-color has-text-color\" style=\"font-size:18px\">Lesen Sie mehr<\/p>\n\n\n\n<h3 class=\"has-orange-color has-text-color\" style=\"font-size:32px\">Zahlreiche Aktivit\u00e4ten in der N\u00e4he unseres Campingplatzes in Hourtin<\/h3>\n\n\n\n<div class=\"is-layout-flow wp-block-group\">\n<p class=\"has-bleufonce-color has-text-color\" style=\"font-size:18px\">Ob Sie die Freuden des Meeres genie\u00dfen, mit <a href=\"https:\/\/www.camping-cote-dargent.com\/de\/familienurlaub-auf-dem-campingplatz-in-gironde\/\" data-type=\"page\" data-id=\"138\">Familie <\/a>oder Freunden spazieren gehen, sich bei verschiedenen sportlichen Aktivit\u00e4ten austoben oder neue Orte entdecken m\u00f6chten, es ist f\u00fcr jeden Geschmack etwas dabei!<\/p>\n\n\n\n<div class=\"wp-block-fc-gut-lire-plus fc-desk\">\n<p style=\"font-size:18px\">Lesen Sie mehr<\/p>\n\n\n\n<div class=\"is-layout-flow wp-block-group\">\n<h4 class=\"has-jaune-color has-text-color\" style=\"font-size:24px\">Beim Verlassen des Campingplatzes<\/h4>\n\n\n\n<p class=\"has-bleufonce-color has-text-color\" style=\"font-size:18px\">Sie k\u00f6nnen auf markierten Wanderwegen wandern, dank der zahlreichen Radwege, die sich \u00fcber Hunderte von Kilometern erstrecken, Radtouren unternehmen und nat\u00fcrlich alle Arten von Wassersport betreiben: Windsurfen, Segeln, Surfen, Bodyboarden, Kitesurfen und viele andere Strandsportarten (am Meer und am See). Au\u00dferdem ist <strong>Hourtin Plage<\/strong> der Treffpunkt der K\u00f6nige des Wassersports. F\u00fcr Anf\u00e4nger gibt es zahlreiche Schulen, die Sie in aller Sicherheit in das Surfen auf den Wellen der sch\u00f6nsten Str\u00e4nde des Ozeans einf\u00fchren. In Hourtin k\u00f6nnen Sie auch angeln und jagen.<\/p>\n\n\n\n<h4 class=\"has-jaune-color has-text-color\" style=\"font-size:24px\">Entdecken Sie die Umgebung unseres Campingplatzes in der Gironde<\/h4>\n\n\n\n<p class=\"has-bleufonce-color has-text-color\" style=\"font-size:18px\">In der Umgebung unseres Campingplatzes in <a href=\"https:\/\/www.camping-cote-dargent.com\/de\/\" data-type=\"page\" data-id=\"125\">Hourtin Plage <\/a>k\u00f6nnen Sie die Dune du Pilat, das Schloss von Vayres, die Garonne, die Cit\u00e9 du Vin, den Zoo des Bassin d&#8217;Arcachon, den Leuchtturm von Cordouan und vieles mehr entdecken. An diesen verschiedenen Orten haben Sie die M\u00f6glichkeit, die Sehensw\u00fcrdigkeiten und Sch\u00e4tze der Region in all ihren Facetten zu entdecken. <\/p>\n\n\n\n<p class=\"has-bleufonce-color has-text-color\" style=\"font-size:18px\">Neben diesen Sehensw\u00fcrdigkeiten gibt es noch weitere St\u00e4dte zu entdecken, wie Lacanau, Bordeaux, Arcachon, Cap-Ferret, <a href=\"https:\/\/www.camping-cote-dargent.com\/de\/soulac-sur-mer\/\" data-type=\"page\" data-id=\"136\">Soulac-sur-Mer<\/a>, usw. <\/p>\n\n\n\n<p class=\"has-bleufonce-color has-text-color\" style=\"font-size:18px\">Mit so vielen M\u00f6glichkeiten w\u00e4hrend Ihres Campingurlaubs in der Gironde kann jeder seinen Aufenthalt am Meer voll und ganz genie\u00dfen.<\/p>\n<\/div>\n<\/div>\n<\/div>\n<\/div>\n\n\n\n<div class=\"is-layout-flex wp-block-buttons has-custom-font-size has-medium-font-size\">\n<div class=\"wp-block-button has-custom-font-size has-medium-font-size\"><a class=\"wp-block-button__link wp-element-button\" href=\"https:\/\/www.medoc-atlantique.com\/\" target=\"_blank\" rel=\"noreferrer noopener\">Entdecken Sie die Touristeninformationen in der Gironde<\/a><\/div>\n<\/div>\n<\/div>\n\n\n\n<div class=\"is-layout-flow wp-block-column col-images\">\n<figure class=\"is-layout-flex wp-block-gallery-24 wp-block-gallery has-nested-images columns-2 is-cropped fc-diapo-mob fc-auto\">\n<figure class=\"wp-block-image size-full fc-auto\"><img decoding=\"async\" width=\"1920\" height=\"975\" src=\"https:\/\/www.camping-cote-dargent.com\/wp-content\/uploads\/2024\/03\/photo-marais-hourtin.webp\" alt=\"\" class=\"wp-image-4018\" srcset=\"https:\/\/www.camping-cote-dargent.com\/wp-content\/uploads\/2024\/03\/photo-marais-hourtin.webp 1920w, https:\/\/www.camping-cote-dargent.com\/wp-content\/uploads\/2024\/03\/photo-marais-hourtin-300x152.webp 300w, https:\/\/www.camping-cote-dargent.com\/wp-content\/uploads\/2024\/03\/photo-marais-hourtin-1024x520.webp 1024w, https:\/\/www.camping-cote-dargent.com\/wp-content\/uploads\/2024\/03\/photo-marais-hourtin-768x390.webp 768w, https:\/\/www.camping-cote-dargent.com\/wp-content\/uploads\/2024\/03\/photo-marais-hourtin-1536x780.webp 1536w\" sizes=\"(max-width: 1920px) 100vw, 1920px\" title=\"\"><\/figure>\n\n\n\n<figure class=\"wp-block-image size-full fc-auto\"><img decoding=\"async\" width=\"1920\" height=\"1280\" src=\"https:\/\/www.camping-cote-dargent.com\/wp-content\/uploads\/2024\/03\/photo-ski-nautique-hourtin.webp\" alt=\"\" class=\"wp-image-3938\" srcset=\"https:\/\/www.camping-cote-dargent.com\/wp-content\/uploads\/2024\/03\/photo-ski-nautique-hourtin.webp 1920w, https:\/\/www.camping-cote-dargent.com\/wp-content\/uploads\/2024\/03\/photo-ski-nautique-hourtin-300x200.webp 300w, https:\/\/www.camping-cote-dargent.com\/wp-content\/uploads\/2024\/03\/photo-ski-nautique-hourtin-1024x683.webp 1024w, https:\/\/www.camping-cote-dargent.com\/wp-content\/uploads\/2024\/03\/photo-ski-nautique-hourtin-768x512.webp 768w, https:\/\/www.camping-cote-dargent.com\/wp-content\/uploads\/2024\/03\/photo-ski-nautique-hourtin-1536x1024.webp 1536w\" sizes=\"(max-width: 1920px) 100vw, 1920px\" title=\"\"><\/figure>\n\n\n\n<figure class=\"wp-block-image size-full fc-auto\"><img decoding=\"async\" width=\"600\" height=\"400\" src=\"https:\/\/www.camping-cote-dargent.com\/wp-content\/uploads\/2024\/03\/ado_avensan.jpg\" alt=\"\" class=\"wp-image-3552\" srcset=\"https:\/\/www.camping-cote-dargent.com\/wp-content\/uploads\/2024\/03\/ado_avensan.jpg 600w, https:\/\/www.camping-cote-dargent.com\/wp-content\/uploads\/2024\/03\/ado_avensan-300x200.jpg 300w\" sizes=\"(max-width: 600px) 100vw, 600px\" title=\"\"><\/figure>\n\n\n\n<figure class=\"wp-block-image size-full fc-auto\"><img decoding=\"async\" width=\"640\" height=\"480\" src=\"https:\/\/www.camping-cote-dargent.com\/wp-content\/uploads\/2024\/03\/bordeaux-gced93a81f_640.jpg\" alt=\"\" class=\"wp-image-3624\" srcset=\"https:\/\/www.camping-cote-dargent.com\/wp-content\/uploads\/2024\/03\/bordeaux-gced93a81f_640.jpg 640w, https:\/\/www.camping-cote-dargent.com\/wp-content\/uploads\/2024\/03\/bordeaux-gced93a81f_640-300x225.jpg 300w\" sizes=\"(max-width: 640px) 100vw, 640px\" title=\"\"><\/figure>\n<\/figure>\n<\/div>\n<\/div>\n","protected":false},"excerpt":{"rendered":"<p>Auf dem Campingplatz in der Gironde \u00fcbernachten und das Departement entdecken M\u00f6chten Sie einen unvergesslichen Urlaub am Meer in einer sch\u00f6nen Region Frankreichs genie\u00dfen? Dann ist die Nouvelle-Aquitaine genau das richtige Reiseziel f\u00fcr Sie. Sie zeichnet sich durch ihre vielf\u00e4ltigen und beliebten Sehensw\u00fcrdigkeiten, ihren nat\u00fcrlichen Reichtum und nat\u00fcrlich die Vielfalt der Aktivit\u00e4ten aus, die man [&hellip;]<\/p>\n","protected":false},"author":1,"featured_media":0,"parent":0,"menu_order":0,"comment_status":"closed","ping_status":"closed","template":"","meta":[],"acf":[],"_links":{"self":[{"href":"https:\/\/www.camping-cote-dargent.com\/de\/wp-json\/wp\/v2\/pages\/5166"}],"collection":[{"href":"https:\/\/www.camping-cote-dargent.com\/de\/wp-json\/wp\/v2\/pages"}],"about":[{"href":"https:\/\/www.camping-cote-dargent.com\/de\/wp-json\/wp\/v2\/types\/page"}],"author":[{"embeddable":true,"href":"https:\/\/www.camping-cote-dargent.com\/de\/wp-json\/wp\/v2\/users\/1"}],"replies":[{"embeddable":true,"href":"https:\/\/www.camping-cote-dargent.com\/de\/wp-json\/wp\/v2\/comments?post=5166"}],"version-history":[{"count":6,"href":"https:\/\/www.camping-cote-dargent.com\/de\/wp-json\/wp\/v2\/pages\/5166\/revisions"}],"predecessor-version":[{"id":8740,"href":"https:\/\/www.camping-cote-dargent.com\/de\/wp-json\/wp\/v2\/pages\/5166\/revisions\/8740"}],"wp:attachment":[{"href":"https:\/\/www.camping-cote-dargent.com\/de\/wp-json\/wp\/v2\/media?parent=5166"}],"curies":[{"name":"wp","href":"https:\/\/api.w.org\/{rel}","templated":true}]}}